{"id":4234,"date":"2022-11-28T23:11:17","date_gmt":"2022-11-29T02:11:17","guid":{"rendered":"https:\/\/dinn.ucsc.cl\/?page_id=4234"},"modified":"2022-11-28T23:11:17","modified_gmt":"2022-11-29T02:11:17","slug":"laboratorio-de-ecologia-quimica-lab-n2","status":"publish","type":"page","link":"https:\/\/dinn.ucsc.cl\/index.php\/laboratorio-de-ecologia-quimica-lab-n2\/","title":{"rendered":"Laboratorio de Ecolog\u00eda Qu\u00edmica LAB. N\u00b02"},"content":{"rendered":"<table class=\" alignleft\">\n<tbody>\n<tr>\n<td style=\"width: 741px\" colspan=\"4\"><img loading=\"lazy\" class=\"aligncenter size-full wp-image-2933\" src=\"https:\/\/sitios.ucsc.cl\/ott\/wp-content\/uploads\/sites\/15\/2022\/07\/LABUCSC13.png\" alt=\"\" width=\"950\" height=\"194\" \/><\/td>\n<\/tr>\n<tr>\n<td style=\"width: 68px\"><\/td>\n<td style=\"width: 71px\"><img loading=\"lazy\" class=\"aligncenter wp-image-2512 size-full\" src=\"https:\/\/sitios.ucsc.cl\/ott\/wp-content\/uploads\/sites\/15\/2022\/07\/CU_1.png\" alt=\"\" width=\"50\" height=\"50\" \/><\/td>\n<td style=\"width: 599px\">\n<h3>Descripci\u00f3n<\/h3>\n<\/td>\n<td style=\"width: 3px\"><\/td>\n<\/tr>\n<tr>\n<td style=\"width: 68px\"><\/td>\n<td style=\"width: 71px\"><\/td>\n<td style=\"width: 599px\">Creado en 2018 para realizar docencia e investigaci\u00f3n cient\u00edfica b\u00e1sica y aplicada en el \u00e1rea de Din\u00e1mica de las sustancias qu\u00edmicas en el ambiente y en la interacci\u00f3n entre organismos.<\/td>\n<td style=\"width: 3px\"><\/td>\n<\/tr>\n<tr>\n<td style=\"width: 68px\"><\/td>\n<td style=\"width: 71px\"><img loading=\"lazy\" class=\"aligncenter size-full wp-image-2558\" src=\"https:\/\/sitios.ucsc.cl\/ott\/wp-content\/uploads\/sites\/15\/2022\/07\/CU_5.png\" alt=\"\" width=\"50\" height=\"50\" \/><\/td>\n<td style=\"width: 599px\">\n<h3>Dependencia<\/h3>\n<p>Depto. de Qu\u00edmica Ambiental, Facultad de Ciencias.<\/td>\n<td style=\"width: 3px\"><\/td>\n<\/tr>\n<tr>\n<td style=\"width: 68px\"><\/td>\n<td style=\"width: 71px\"><img loading=\"lazy\" class=\"aligncenter size-full wp-image-2555\" src=\"https:\/\/sitios.ucsc.cl\/ott\/wp-content\/uploads\/sites\/15\/2022\/07\/CU_10.png\" alt=\"\" width=\"50\" height=\"50\" \/><\/td>\n<td style=\"width: 599px\">\n<h3>Director(a) responsable<\/h3>\n<p>Dra. Marcia Gonz\u00e1lez.<\/td>\n<td style=\"width: 3px\"><\/td>\n<\/tr>\n<tr>\n<td style=\"width: 68px\"><\/td>\n<td style=\"width: 71px\"><img loading=\"lazy\" class=\"aligncenter size-full wp-image-2557\" src=\"https:\/\/sitios.ucsc.cl\/ott\/wp-content\/uploads\/sites\/15\/2022\/07\/CU_4.png\" alt=\"\" width=\"50\" height=\"50\" \/><\/td>\n<td style=\"width: 599px\">\n<h3>Contacto<\/h3>\n<p>Fono: +56 41-2345988<br \/>\nMail: mfgonzalez@ucsc.cl<\/td>\n<td style=\"width: 3px\"><\/td>\n<\/tr>\n<tr>\n<td style=\"width: 68px\"><\/td>\n<td style=\"width: 71px\"><img loading=\"lazy\" class=\"aligncenter size-full wp-image-2559\" src=\"https:\/\/sitios.ucsc.cl\/ott\/wp-content\/uploads\/sites\/15\/2022\/07\/CU_6.png\" alt=\"\" width=\"50\" height=\"50\" \/><\/td>\n<td style=\"width: 599px\">\n<h3>Web<\/h3>\n<p>No tiene.<\/td>\n<td style=\"width: 3px\"><\/td>\n<\/tr>\n<tr>\n<td style=\"width: 68px\"><\/td>\n<td style=\"width: 71px\"><img loading=\"lazy\" class=\"aligncenter size-full wp-image-2512\" src=\"https:\/\/sitios.ucsc.cl\/ott\/wp-content\/uploads\/sites\/15\/2022\/07\/CU_1.png\" alt=\"\" width=\"50\" height=\"50\" \/><\/td>\n<td style=\"width: 599px\">\n<h3>\u00c1reas de conocimiento<\/h3>\n<p>\u2022 Ecolog\u00eda Qu\u00edmica.<br \/>\n\u2022 Interacciones Planta-Insectos.<br \/>\n\u2022 Interacciones Planta-Microorganismos.<br \/>\n\u2022 Interacciones Mutualistas.<br \/>\n\u2022 Estrategias de Defensa en Plantas.<\/td>\n<td style=\"width: 3px\"><\/td>\n<\/tr>\n<tr>\n<td style=\"width: 68px\"><\/td>\n<td style=\"width: 71px\"><img loading=\"lazy\" class=\"aligncenter size-full wp-image-2556\" src=\"https:\/\/sitios.ucsc.cl\/ott\/wp-content\/uploads\/sites\/15\/2022\/07\/CU_3.png\" alt=\"\" width=\"50\" height=\"50\" \/><\/td>\n<td style=\"width: 599px\">\n<h3>Oferta tecnol\u00f3gica<\/h3>\n<p>\u2022 Capacidad de realizar investigaci\u00f3n cient\u00edfica b\u00e1sica y aplicada en el \u00e1rea de Ecolog\u00eda Qu\u00edmica para la industria y la sociedad.<\/td>\n<td style=\"width: 3px\"><\/td>\n<\/tr>\n<tr>\n<td style=\"width: 68px\"><\/td>\n<td style=\"width: 71px\"><img loading=\"lazy\" class=\"aligncenter size-full wp-image-2561\" src=\"https:\/\/sitios.ucsc.cl\/ott\/wp-content\/uploads\/sites\/15\/2022\/07\/CU_8.png\" alt=\"\" width=\"50\" height=\"50\" \/><\/td>\n<td style=\"width: 599px\">\n<h3>Experiencia de la unidad<\/h3>\n<\/td>\n<td style=\"width: 3px\"><\/td>\n<\/tr>\n<tr>\n<td style=\"width: 68px\"><\/td>\n<td style=\"width: 71px\"><\/td>\n<td style=\"width: 599px\">Proyectos ejecutados:<br \/>\n<strong>2019-2022:<\/strong><br \/>\n\u2022 \u201cClimate change: Understanding the effects of heat and drought on native plant-insect interactions\u201d Proyecto de Investigaci\u00f3n Conjunta Conicyt-Sociedad Max Planck MPG190015. Investigadora Responsable.<br \/>\n<strong>2019-2021:<\/strong><br \/>\n\u2022 \u201cChemical and Molecular Ecology in South America: the use of novel technical tools to understand nature\u201d. Formaci\u00f3n de Redes Internacionales-Conicyt N\u00b0 190114. Investigadora Responsable.<br \/>\n\u2022 \u201cEfecto dual de hongos entomopat\u00f3genos nativos como agentes de control biol\u00f3gico de la polilla Europea de la vid (Lobesia botrana) y su rol como promotores de crecimiento vegetal\u201d. Fondecyt Postdoc N\u00b0 3190754 Investigadora Patrocinante.<\/p>\n<p>\u2022 Proyecto N\u00facleo Cient\u00edfico Tecnol\u00f3gico para el Desarrollo Costero Sustentable. MECESUP-Convenio de Desempe\u00f1o Educaci\u00f3n Superior Regional 2017 UCSC1795. Co-Investigadora.<br \/>\n\u2022 \u201cEnsambles larvales de d\u00edpteros en ambientes intermareales rocosos\u2019. CIBAS (UCSC). Co Investigadora.<br \/>\n\u2022 \u201cEl rol de las se\u00f1ales olfativas y t\u00e1ctiles en la decisi\u00f3n de oviposici\u00f3n por parte de la mariposa diurna Battus polydamas archidamas (Papilionidae)\u201d. DINREG 02\/2019 (UCSC). Investigadora Responsable.<br \/>\n<strong>2015-2020:<\/strong><br \/>\n\u2022 Max Planck \u2013 UCSC partner research group. Investigador Responsable.<br \/>\n<strong>2013-2016:<\/strong><br \/>\n\u2022 Proyecto Fondecyt de Iniciaci\u00f3n N\u00b0 11130039. Foliar endophytic fungi (FEF) and their protective role against herbivores and pathogens in native woody plants of a Southern temperate rainforest. Investigador Responsable.<\/td>\n<td style=\"width: 3px\"><\/td>\n<\/tr>\n<tr>\n<td style=\"width: 68px\"><\/td>\n<td style=\"width: 71px\"><img loading=\"lazy\" class=\"aligncenter size-full wp-image-2560\" src=\"https:\/\/sitios.ucsc.cl\/ott\/wp-content\/uploads\/sites\/15\/2022\/07\/CU_7.png\" alt=\"\" width=\"50\" height=\"50\" \/><\/td>\n<td style=\"width: 599px\">\n<h3>Infraestructura<\/h3>\n<p>El Laboratorio es de nueva adquisici\u00f3n. Las l\u00edneas de investigaci\u00f3n de dicha locaci\u00f3n se encuentran relacionadas con estudios en las \u00e1reas de: Ecolog\u00eda Qu\u00edmica, Microorganismos asociados a plantas y suelos e Interacciones planta- insectos.<\/td>\n<td style=\"width: 3px\"><\/td>\n<\/tr>\n<tr>\n<td style=\"width: 68px\"><\/td>\n<td style=\"width: 71px\"><img loading=\"lazy\" class=\"aligncenter size-full wp-image-2562\" src=\"https:\/\/sitios.ucsc.cl\/ott\/wp-content\/uploads\/sites\/15\/2022\/07\/CU_9.png\" alt=\"\" width=\"50\" height=\"50\" \/><\/td>\n<td style=\"width: 599px\">\n<h3>Equipamiento<\/h3>\n<\/td>\n<td style=\"width: 3px\"><\/td>\n<\/tr>\n<tr>\n<td style=\"width: 68px\"><\/td>\n<td style=\"width: 71px\"><\/td>\n<td style=\"width: 599px\">\u2022 Campana de Flujo Laminar.<br \/>\nUso: Trabajo con microorganismos.<br \/>\n\u2022 Autoclave.<br \/>\nUso: Trabajo con microorganismos.<br \/>\n\u2022 C\u00e1mara de Extracci\u00f3n de Gases.<br \/>\nUso: Uso de reactivos qu\u00edmicos.<br \/>\n\u2022 Refrigerador.<br \/>\nUso: Almacenamiento de muestras.<br \/>\n\u2022 Espectrofot\u00f3metro.<br \/>\nUso: Determinaci\u00f3n de metabolitos primarios y<br \/>\nsecundarios.<br \/>\n\u2022 Termociclador.<br \/>\nUso: Amplificaci\u00f3n de ADN de microorganismos.<br \/>\n\u2022 Lupa.<br \/>\nUso: Trabajo con microorganismos.<br \/>\n\u2022 Balanza.<br \/>\nUso: Trabajos generales.<br \/>\n\u2022 Equipos para colecci\u00f3n de compuestos vol\u00e1tiles.<br \/>\nUso: Determinaci\u00f3n de vol\u00e1tiles de plantas.<\/td>\n<td style=\"width: 3px\"><\/td>\n<\/tr>\n<tr>\n<td style=\"width: 68px\"><\/td>\n<td style=\"width: 71px\"><img loading=\"lazy\" class=\"aligncenter size-full wp-image-2555\" src=\"https:\/\/sitios.ucsc.cl\/ott\/wp-content\/uploads\/sites\/15\/2022\/07\/CU_10.png\" alt=\"\" width=\"50\" height=\"50\" \/><\/td>\n<td style=\"width: 599px\">\n<h3>Integrantes de la unidad<\/h3>\n<p>El Laboratorio cuenta con un equipo humano interdisciplinario integrado por:<br \/>\n\u2022 Dra. Marcia Gonz\u00e1lez.<br \/>\n\u2022 Dr. Liam Revell.<\/td>\n<td style=\"width: 3px\"><\/td>\n<\/tr>\n<tr>\n<td style=\"width: 68px\"><\/td>\n<td style=\"width: 670px\" colspan=\"2\">&nbsp;<\/p>\n<p>&nbsp;<\/p>\n<p><a href=\"https:\/\/sitios.ucsc.cl\/ott\/wp-content\/uploads\/sites\/15\/2022\/10\/OTT_LAB_13.pdf\"><img loading=\"lazy\" class=\"aligncenter size-full wp-image-3262\" src=\"https:\/\/sitios.ucsc.cl\/ott\/wp-content\/uploads\/sites\/15\/2022\/10\/Boton-descarga-300x61-1.png\" alt=\"\" width=\"300\" height=\"61\" \/><\/a><\/p>\n<p>&nbsp;<\/p>\n<p>&nbsp;<\/p>\n<p>&nbsp;<\/td>\n<td style=\"width: 3px\"><\/td>\n<\/tr>\n<tr>\n<td style=\"width: 741px\" colspan=\"4\"><img loading=\"lazy\" class=\"aligncenter size-full wp-image-3263\" src=\"https:\/\/sitios.ucsc.cl\/ott\/wp-content\/uploads\/sites\/15\/2022\/10\/banner_LB.png\" alt=\"\" width=\"950\" height=\"111\" \/><\/td>\n<\/tr>\n<\/tbody>\n<\/table>\n<h5><\/h5>\n","protected":false},"excerpt":{"rendered":"<p>Descripci\u00f3n Creado en 2018 para realizar docencia e investigaci\u00f3n cient\u00edfica b\u00e1sica y aplicada en el \u00e1rea de Din\u00e1mica de las sustancias qu\u00edmicas en el ambiente y en la interacci\u00f3n entre organismos. Dependencia Depto. de Qu\u00edmica Ambiental, Facultad de Ciencias. Director(a) responsable Dra. Marcia Gonz\u00e1lez. Contacto Fono: +56 41-2345988 Mail: mfgonzalez@ucsc.cl Web No tiene. \u00c1reas de [&hellip;]<\/p>\n","protected":false},"author":84,"featured_media":0,"parent":0,"menu_order":0,"comment_status":"closed","ping_status":"closed","template":"","meta":[],"yoast_head":"<!-- This site is optimized with the Yoast SEO plugin v18.9 - https:\/\/yoast.com\/wordpress\/plugins\/seo\/ -->\n<title>Laboratorio de Ecolog\u00eda Qu\u00edmica LAB. N\u00b02 -<\/title>\n<meta name=\"robots\" content=\"index, follow, max-snippet:-1, max-image-preview:large, max-video-preview:-1\" \/>\n<link rel=\"canonical\" href=\"https:\/\/dinn.ucsc.cl\/index.php\/laboratorio-de-ecologia-quimica-lab-n2\/\" \/>\n<meta property=\"og:locale\" content=\"es_ES\" \/>\n<meta property=\"og:type\" content=\"article\" \/>\n<meta property=\"og:title\" content=\"Laboratorio de Ecolog\u00eda Qu\u00edmica LAB. N\u00b02 -\" \/>\n<meta property=\"og:description\" content=\"Descripci\u00f3n Creado en 2018 para realizar docencia e investigaci\u00f3n cient\u00edfica b\u00e1sica y aplicada en el \u00e1rea de Din\u00e1mica de las sustancias qu\u00edmicas en el ambiente y en la interacci\u00f3n entre organismos. Dependencia Depto. de Qu\u00edmica Ambiental, Facultad de Ciencias. Director(a) responsable Dra. Marcia Gonz\u00e1lez. Contacto Fono: +56 41-2345988 Mail: mfgonzalez@ucsc.cl Web No tiene. \u00c1reas de [&hellip;]\" \/>\n<meta property=\"og:url\" content=\"https:\/\/dinn.ucsc.cl\/index.php\/laboratorio-de-ecologia-quimica-lab-n2\/\" \/>\n<meta property=\"article:publisher\" content=\"https:\/\/m.facebook.com\/DINNUCSC\" \/>\n<meta property=\"og:image\" content=\"https:\/\/sitios.ucsc.cl\/ott\/wp-content\/uploads\/sites\/15\/2022\/07\/LABUCSC13.png\" \/>\n<meta name=\"twitter:card\" content=\"summary\" \/>\n<meta name=\"twitter:site\" content=\"@dinn_ucsc\" \/>\n<meta name=\"twitter:label1\" content=\"Tiempo de lectura\" \/>\n\t<meta name=\"twitter:data1\" content=\"2 minutos\" \/>\n<script type=\"application\/ld+json\" class=\"yoast-schema-graph\">{\"@context\":\"https:\/\/schema.org\",\"@graph\":[{\"@type\":\"WebSite\",\"@id\":\"https:\/\/dinn.ucsc.cl\/#website\",\"url\":\"https:\/\/dinn.ucsc.cl\/\",\"name\":\"Direcci\u00f3n de Innovaci\u00f3n UCSC\",\"description\":\"Direcci\u00f3n de Innovaci\u00f3n\",\"potentialAction\":[{\"@type\":\"SearchAction\",\"target\":{\"@type\":\"EntryPoint\",\"urlTemplate\":\"https:\/\/dinn.ucsc.cl\/?s={search_term_string}\"},\"query-input\":\"required name=search_term_string\"}],\"inLanguage\":\"es\"},{\"@type\":\"ImageObject\",\"inLanguage\":\"es\",\"@id\":\"https:\/\/dinn.ucsc.cl\/index.php\/laboratorio-de-ecologia-quimica-lab-n2\/#primaryimage\",\"url\":\"https:\/\/sitios.ucsc.cl\/ott\/wp-content\/uploads\/sites\/15\/2022\/07\/LABUCSC13.png\",\"contentUrl\":\"https:\/\/sitios.ucsc.cl\/ott\/wp-content\/uploads\/sites\/15\/2022\/07\/LABUCSC13.png\"},{\"@type\":\"WebPage\",\"@id\":\"https:\/\/dinn.ucsc.cl\/index.php\/laboratorio-de-ecologia-quimica-lab-n2\/#webpage\",\"url\":\"https:\/\/dinn.ucsc.cl\/index.php\/laboratorio-de-ecologia-quimica-lab-n2\/\",\"name\":\"Laboratorio de Ecolog\u00eda Qu\u00edmica LAB. N\u00b02 -\",\"isPartOf\":{\"@id\":\"https:\/\/dinn.ucsc.cl\/#website\"},\"primaryImageOfPage\":{\"@id\":\"https:\/\/dinn.ucsc.cl\/index.php\/laboratorio-de-ecologia-quimica-lab-n2\/#primaryimage\"},\"datePublished\":\"2022-11-29T02:11:17+00:00\",\"dateModified\":\"2022-11-29T02:11:17+00:00\",\"breadcrumb\":{\"@id\":\"https:\/\/dinn.ucsc.cl\/index.php\/laboratorio-de-ecologia-quimica-lab-n2\/#breadcrumb\"},\"inLanguage\":\"es\",\"potentialAction\":[{\"@type\":\"ReadAction\",\"target\":[\"https:\/\/dinn.ucsc.cl\/index.php\/laboratorio-de-ecologia-quimica-lab-n2\/\"]}]},{\"@type\":\"BreadcrumbList\",\"@id\":\"https:\/\/dinn.ucsc.cl\/index.php\/laboratorio-de-ecologia-quimica-lab-n2\/#breadcrumb\",\"itemListElement\":[{\"@type\":\"ListItem\",\"position\":1,\"name\":\"Inicio\",\"item\":\"https:\/\/dinn.ucsc.cl\/\"},{\"@type\":\"ListItem\",\"position\":2,\"name\":\"Laboratorio de Ecolog\u00eda Qu\u00edmica LAB. N\u00b02\"}]}]}<\/script>\n<!-- \/ Yoast SEO plugin. -->","yoast_head_json":{"title":"Laboratorio de Ecolog\u00eda Qu\u00edmica LAB. N\u00b02 -","robots":{"index":"index","follow":"follow","max-snippet":"max-snippet:-1","max-image-preview":"max-image-preview:large","max-video-preview":"max-video-preview:-1"},"canonical":"https:\/\/dinn.ucsc.cl\/index.php\/laboratorio-de-ecologia-quimica-lab-n2\/","og_locale":"es_ES","og_type":"article","og_title":"Laboratorio de Ecolog\u00eda Qu\u00edmica LAB. N\u00b02 -","og_description":"Descripci\u00f3n Creado en 2018 para realizar docencia e investigaci\u00f3n cient\u00edfica b\u00e1sica y aplicada en el \u00e1rea de Din\u00e1mica de las sustancias qu\u00edmicas en el ambiente y en la interacci\u00f3n entre organismos. Dependencia Depto. de Qu\u00edmica Ambiental, Facultad de Ciencias. Director(a) responsable Dra. Marcia Gonz\u00e1lez. Contacto Fono: +56 41-2345988 Mail: mfgonzalez@ucsc.cl Web No tiene. \u00c1reas de [&hellip;]","og_url":"https:\/\/dinn.ucsc.cl\/index.php\/laboratorio-de-ecologia-quimica-lab-n2\/","article_publisher":"https:\/\/m.facebook.com\/DINNUCSC","og_image":[{"url":"https:\/\/sitios.ucsc.cl\/ott\/wp-content\/uploads\/sites\/15\/2022\/07\/LABUCSC13.png"}],"twitter_card":"summary","twitter_site":"@dinn_ucsc","twitter_misc":{"Tiempo de lectura":"2 minutos"},"schema":{"@context":"https:\/\/schema.org","@graph":[{"@type":"WebSite","@id":"https:\/\/dinn.ucsc.cl\/#website","url":"https:\/\/dinn.ucsc.cl\/","name":"Direcci\u00f3n de Innovaci\u00f3n UCSC","description":"Direcci\u00f3n de Innovaci\u00f3n","potentialAction":[{"@type":"SearchAction","target":{"@type":"EntryPoint","urlTemplate":"https:\/\/dinn.ucsc.cl\/?s={search_term_string}"},"query-input":"required name=search_term_string"}],"inLanguage":"es"},{"@type":"ImageObject","inLanguage":"es","@id":"https:\/\/dinn.ucsc.cl\/index.php\/laboratorio-de-ecologia-quimica-lab-n2\/#primaryimage","url":"https:\/\/sitios.ucsc.cl\/ott\/wp-content\/uploads\/sites\/15\/2022\/07\/LABUCSC13.png","contentUrl":"https:\/\/sitios.ucsc.cl\/ott\/wp-content\/uploads\/sites\/15\/2022\/07\/LABUCSC13.png"},{"@type":"WebPage","@id":"https:\/\/dinn.ucsc.cl\/index.php\/laboratorio-de-ecologia-quimica-lab-n2\/#webpage","url":"https:\/\/dinn.ucsc.cl\/index.php\/laboratorio-de-ecologia-quimica-lab-n2\/","name":"Laboratorio de Ecolog\u00eda Qu\u00edmica LAB. N\u00b02 -","isPartOf":{"@id":"https:\/\/dinn.ucsc.cl\/#website"},"primaryImageOfPage":{"@id":"https:\/\/dinn.ucsc.cl\/index.php\/laboratorio-de-ecologia-quimica-lab-n2\/#primaryimage"},"datePublished":"2022-11-29T02:11:17+00:00","dateModified":"2022-11-29T02:11:17+00:00","breadcrumb":{"@id":"https:\/\/dinn.ucsc.cl\/index.php\/laboratorio-de-ecologia-quimica-lab-n2\/#breadcrumb"},"inLanguage":"es","potentialAction":[{"@type":"ReadAction","target":["https:\/\/dinn.ucsc.cl\/index.php\/laboratorio-de-ecologia-quimica-lab-n2\/"]}]},{"@type":"BreadcrumbList","@id":"https:\/\/dinn.ucsc.cl\/index.php\/laboratorio-de-ecologia-quimica-lab-n2\/#breadcrumb","itemListElement":[{"@type":"ListItem","position":1,"name":"Inicio","item":"https:\/\/dinn.ucsc.cl\/"},{"@type":"ListItem","position":2,"name":"Laboratorio de Ecolog\u00eda Qu\u00edmica LAB. N\u00b02"}]}]}},"_links":{"self":[{"href":"https:\/\/dinn.ucsc.cl\/index.php\/wp-json\/wp\/v2\/pages\/4234"}],"collection":[{"href":"https:\/\/dinn.ucsc.cl\/index.php\/wp-json\/wp\/v2\/pages"}],"about":[{"href":"https:\/\/dinn.ucsc.cl\/index.php\/wp-json\/wp\/v2\/types\/page"}],"author":[{"embeddable":true,"href":"https:\/\/dinn.ucsc.cl\/index.php\/wp-json\/wp\/v2\/users\/84"}],"replies":[{"embeddable":true,"href":"https:\/\/dinn.ucsc.cl\/index.php\/wp-json\/wp\/v2\/comments?post=4234"}],"version-history":[{"count":1,"href":"https:\/\/dinn.ucsc.cl\/index.php\/wp-json\/wp\/v2\/pages\/4234\/revisions"}],"predecessor-version":[{"id":4235,"href":"https:\/\/dinn.ucsc.cl\/index.php\/wp-json\/wp\/v2\/pages\/4234\/revisions\/4235"}],"wp:attachment":[{"href":"https:\/\/dinn.ucsc.cl\/index.php\/wp-json\/wp\/v2\/media?parent=4234"}],"curies":[{"name":"wp","href":"https:\/\/api.w.org\/{rel}","templated":true}]}}