{"id":4240,"date":"2022-11-28T23:12:48","date_gmt":"2022-11-29T02:12:48","guid":{"rendered":"https:\/\/dinn.ucsc.cl\/?page_id=4240"},"modified":"2023-10-15T21:14:10","modified_gmt":"2023-10-16T00:14:10","slug":"laboratorio-de-secador-geosolar","status":"publish","type":"page","link":"https:\/\/dinn.ucsc.cl\/index.php\/laboratorio-de-secador-geosolar\/","title":{"rendered":"Laboratorio de Secador Geosolar"},"content":{"rendered":"<table class=\" alignleft\">\n<tbody>\n<tr>\n<td style=\"width: 741px\" colspan=\"4\"><img loading=\"lazy\" class=\"aligncenter wp-image-3179 size-full\" src=\"https:\/\/sitios.ucsc.cl\/ott\/wp-content\/uploads\/sites\/15\/2022\/09\/HEADER_CU_2_N.png\" alt=\"\" width=\"950\" height=\"194\" \/><\/td>\n<\/tr>\n<tr>\n<td style=\"width: 63px\"><\/td>\n<td style=\"width: 79px\"><img loading=\"lazy\" class=\"aligncenter wp-image-2512 size-full\" src=\"https:\/\/sitios.ucsc.cl\/ott\/wp-content\/uploads\/sites\/15\/2022\/07\/CU_1.png\" alt=\"\" width=\"50\" height=\"50\" \/><\/td>\n<td style=\"width: 596px\">\n<h3>Descripci\u00f3n<\/h3>\n<\/td>\n<td style=\"width: 3px\"><\/td>\n<\/tr>\n<tr>\n<td style=\"width: 63px\"><\/td>\n<td style=\"width: 79px\"><\/td>\n<td style=\"width: 596px\">Unidad de secado a partir de la integraci\u00f3n de energ\u00edas renovables como estrategia de sustentabilidad econ\u00f3mica y ambiental.<\/td>\n<td style=\"width: 3px\"><\/td>\n<\/tr>\n<tr>\n<td style=\"width: 63px\"><\/td>\n<td style=\"width: 79px\"><img loading=\"lazy\" class=\"aligncenter size-full wp-image-2558\" src=\"https:\/\/sitios.ucsc.cl\/ott\/wp-content\/uploads\/sites\/15\/2022\/07\/CU_5.png\" alt=\"\" width=\"50\" height=\"50\" \/><\/td>\n<td style=\"width: 596px\">\n<h3>Dependencia<\/h3>\n<p>Edificio de Investigaci\u00f3n e Innovaci\u00f3n VRIP UCSC.<\/td>\n<td style=\"width: 3px\"><\/td>\n<\/tr>\n<tr>\n<td style=\"width: 63px\"><\/td>\n<td style=\"width: 79px\"><img loading=\"lazy\" class=\"aligncenter size-full wp-image-2555\" src=\"https:\/\/sitios.ucsc.cl\/ott\/wp-content\/uploads\/sites\/15\/2022\/07\/CU_10.png\" alt=\"\" width=\"50\" height=\"50\" \/><\/td>\n<td style=\"width: 596px\">\n<h3>Director(a) responsable<\/h3>\n<p>\u2022 Dra. Ana Narv\u00e1ez.<br \/>\n\u2022 Dr. Guillermo Ram\u00edrez.<\/td>\n<td style=\"width: 3px\"><\/td>\n<\/tr>\n<tr>\n<td style=\"width: 63px\"><\/td>\n<td style=\"width: 79px\"><img loading=\"lazy\" class=\"aligncenter size-full wp-image-2557\" src=\"https:\/\/sitios.ucsc.cl\/ott\/wp-content\/uploads\/sites\/15\/2022\/07\/CU_4.png\" alt=\"\" width=\"50\" height=\"50\" \/><\/td>\n<td style=\"width: 596px\">\n<h3>Contacto<\/h3>\n<p>anarvaez@ucsc.cl<br \/>\nguillermoramirez@ucsc.cl<\/td>\n<td style=\"width: 3px\"><\/td>\n<\/tr>\n<tr>\n<td style=\"width: 63px\"><\/td>\n<td style=\"width: 79px\"><img loading=\"lazy\" class=\"aligncenter size-full wp-image-2559\" src=\"https:\/\/sitios.ucsc.cl\/ott\/wp-content\/uploads\/sites\/15\/2022\/07\/CU_6.png\" alt=\"\" width=\"50\" height=\"50\" \/><\/td>\n<td style=\"width: 596px\">\n<h3>Web<\/h3>\n<p>No tiene.<\/td>\n<td style=\"width: 3px\"><\/td>\n<\/tr>\n<tr>\n<td style=\"width: 63px\"><\/td>\n<td style=\"width: 79px\"><img loading=\"lazy\" class=\"aligncenter size-full wp-image-2512\" src=\"https:\/\/sitios.ucsc.cl\/ott\/wp-content\/uploads\/sites\/15\/2022\/07\/CU_1.png\" alt=\"\" width=\"50\" height=\"50\" \/><\/td>\n<td style=\"width: 596px\">\n<h3>\u00c1reas de conocimiento<\/h3>\n<\/td>\n<td style=\"width: 3px\"><\/td>\n<\/tr>\n<tr>\n<td style=\"width: 63px\"><\/td>\n<td style=\"width: 79px\"><\/td>\n<td style=\"width: 596px\">\u2022 Geot\u00e9cnica.<br \/>\n\u2022 Ingenier\u00eda:<br \/>\n&#8211; Mec\u00e1nica.<br \/>\n&#8211; El\u00e9ctrica.<br \/>\n&#8211; Qu\u00edmica\/Ambiental.<br \/>\n\u2022 Automatizaci\u00f3n.<\/td>\n<td style=\"width: 3px\"><\/td>\n<\/tr>\n<tr>\n<td style=\"width: 63px\"><\/td>\n<td style=\"width: 79px\"><img loading=\"lazy\" class=\"aligncenter size-full wp-image-2556\" src=\"https:\/\/sitios.ucsc.cl\/ott\/wp-content\/uploads\/sites\/15\/2022\/07\/CU_3.png\" alt=\"\" width=\"50\" height=\"50\" \/><\/td>\n<td style=\"width: 596px\">\n<h3>Oferta tecnol\u00f3gica<\/h3>\n<\/td>\n<td style=\"width: 3px\"><\/td>\n<\/tr>\n<tr>\n<td style=\"width: 63px\"><\/td>\n<td style=\"width: 79px\"><\/td>\n<td style=\"width: 596px\">\u2022 Ensayos de secado de distintos tipos de biomasa:<br \/>\n&#8211; Tecnolog\u00eda activa aire solar.<br \/>\n&#8211; Tecnolog\u00eda Geot\u00e9rmica Fotovoltaica.<\/td>\n<td style=\"width: 3px\"><\/td>\n<\/tr>\n<tr>\n<td style=\"width: 63px\"><\/td>\n<td style=\"width: 79px\"><img loading=\"lazy\" class=\"aligncenter size-full wp-image-2561\" src=\"https:\/\/sitios.ucsc.cl\/ott\/wp-content\/uploads\/sites\/15\/2022\/07\/CU_8.png\" alt=\"\" width=\"50\" height=\"50\" \/><\/td>\n<td style=\"width: 596px\">\n<h3>Experiencia de la unidad<\/h3>\n<\/td>\n<td style=\"width: 3px\"><\/td>\n<\/tr>\n<tr>\n<td style=\"width: 63px\"><\/td>\n<td style=\"width: 79px\"><\/td>\n<td style=\"width: 596px\"><strong>Proyectos ejecutados: <\/strong><br \/>\n<strong>2019-2021:<\/strong><br \/>\n\u2022 Generaci\u00f3n de bioenerg\u00eda para combusti\u00f3n a partir del manejo forestal sustentable en la Regi\u00f3n del Biob\u00edo\u201d (directora alterna). Fondo de Innovaci\u00f3n para Competitividad Regional del Biob\u00edo 2018.<br \/>\n<strong>L\u00edneas de Investigaci\u00f3n:<\/strong><br \/>\n\u2022 Integraci\u00f3n de ERNC para el Secado industrial.<br \/>\n\u2022 Producci\u00f3n de qu\u00edmicos intermediarios y\/o combustibles alternativos, alternativos al petr\u00f3leo (estudio de sistemas catal\u00edticos), Modelamiento matem\u00e1tico de sistemas energ\u00e9ticos, Eficiencia energ\u00e9tica en sistemas de producci\u00f3n.<\/td>\n<td style=\"width: 3px\"><\/td>\n<\/tr>\n<tr>\n<td style=\"width: 63px\"><\/td>\n<td style=\"width: 79px\"><img loading=\"lazy\" class=\"aligncenter size-full wp-image-2560\" src=\"https:\/\/sitios.ucsc.cl\/ott\/wp-content\/uploads\/sites\/15\/2022\/07\/CU_7.png\" alt=\"\" width=\"50\" height=\"50\" \/><\/td>\n<td style=\"width: 596px\">\n<h3>Infraestructura<\/h3>\n<p>\u2022 Sala de m\u00e1quinas de superficie de 12 m2 y 2 m de altura.<br \/>\n\u2022 C\u00e1mara de secado de 12 m2 y 2 m de altura.<\/td>\n<td style=\"width: 3px\"><\/td>\n<\/tr>\n<tr>\n<td style=\"width: 63px\"><\/td>\n<td style=\"width: 79px\"><img loading=\"lazy\" class=\"aligncenter size-full wp-image-2562\" src=\"https:\/\/sitios.ucsc.cl\/ott\/wp-content\/uploads\/sites\/15\/2022\/07\/CU_9.png\" alt=\"\" width=\"50\" height=\"50\" \/><\/td>\n<td style=\"width: 596px\">\n<h3>Equipamiento<\/h3>\n<\/td>\n<td style=\"width: 3px\"><\/td>\n<\/tr>\n<tr>\n<td style=\"width: 63px\"><\/td>\n<td style=\"width: 79px\"><\/td>\n<td style=\"width: 596px\">\u2022 3 intercambiadores de calor instalados en el subsuelo: intercambiador horizontal, un intercambiador slinky horizontal y un intercambiador slinky vertical.<br \/>\n\u2022 1 sistema de intercambiadores solares t\u00e9rmicos (aire-solar), compuesto por un intercambiador marca Grammer y un dise\u00f1o propio.<br \/>\n\u2022 1 estanque acumulador de agua.<br \/>\n\u2022 C\u00e1mara de secado.<br \/>\n\u2022 1 bomba de calor.<br \/>\n\u2022 1 tanque de expansi\u00f3n.<br \/>\n\u2022 Paneles de instrumentaci\u00f3n.<br \/>\n\u2022 1 Sistema de circulaci\u00f3n de agua (tuber\u00edas, v\u00e1lvulas y bombas de recirculaci\u00f3n).<br \/>\n\u2022 1 sistema de bater\u00edas e inversores y paneles fotovoltaicos.<br \/>\n\u2022 Sistema de adquisici\u00f3n y registro de datos.<\/td>\n<td style=\"width: 3px\"><\/td>\n<\/tr>\n<tr>\n<td style=\"width: 63px\"><\/td>\n<td style=\"width: 79px\"><img loading=\"lazy\" class=\"aligncenter size-full wp-image-2555\" src=\"https:\/\/sitios.ucsc.cl\/ott\/wp-content\/uploads\/sites\/15\/2022\/07\/CU_10.png\" alt=\"\" width=\"50\" height=\"50\" \/><\/td>\n<td style=\"width: 596px\">\n<h3>Integrantes de la unidad<\/h3>\n<\/td>\n<td style=\"width: 3px\"><\/td>\n<\/tr>\n<tr>\n<td style=\"width: 63px\"><\/td>\n<td style=\"width: 79px\"><\/td>\n<td style=\"width: 596px\">\u2022 Dra. Ana Narv\u00e1ez.<br \/>\n\u2022 Dr. Guillermo Ram\u00edrez.<\/td>\n<td style=\"width: 3px\"><\/td>\n<\/tr>\n<tr>\n<td style=\"width: 63px\"><\/td>\n<td style=\"width: 675px\" colspan=\"2\">&nbsp;<\/p>\n<p><a href=\"https:\/\/dinn.ucsc.cl\/wp-content\/uploads\/sites\/14\/2023\/10\/OTT_LAB_16.pdf\"><img loading=\"lazy\" class=\"aligncenter wp-image-3262 size-full\" src=\"https:\/\/sitios.ucsc.cl\/ott\/wp-content\/uploads\/sites\/15\/2022\/10\/Boton-descarga-300x61-1.png\" alt=\"\" width=\"300\" height=\"61\" \/><\/a><\/p>\n<p>&nbsp;<\/p>\n<p>&nbsp;<\/td>\n<td style=\"width: 3px\"><\/td>\n<\/tr>\n<tr>\n<td style=\"width: 741px\" colspan=\"4\"><img loading=\"lazy\" class=\"aligncenter size-full wp-image-3263\" src=\"https:\/\/sitios.ucsc.cl\/ott\/wp-content\/uploads\/sites\/15\/2022\/10\/banner_LB.png\" alt=\"\" width=\"950\" height=\"111\" \/><\/td>\n<\/tr>\n<\/tbody>\n<\/table>\n<h5><\/h5>\n","protected":false},"excerpt":{"rendered":"<p>Descripci\u00f3n Unidad de secado a partir de la integraci\u00f3n de energ\u00edas renovables como estrategia de sustentabilidad econ\u00f3mica y ambiental. Dependencia Edificio de Investigaci\u00f3n e Innovaci\u00f3n VRIP UCSC. Director(a) responsable \u2022 Dra. Ana Narv\u00e1ez. \u2022 Dr. Guillermo Ram\u00edrez. Contacto anarvaez@ucsc.cl guillermoramirez@ucsc.cl Web No tiene. \u00c1reas de conocimiento \u2022 Geot\u00e9cnica. \u2022 Ingenier\u00eda: &#8211; Mec\u00e1nica. &#8211; El\u00e9ctrica. &#8211; [&hellip;]<\/p>\n","protected":false},"author":84,"featured_media":0,"parent":0,"menu_order":0,"comment_status":"closed","ping_status":"closed","template":"","meta":[],"yoast_head":"<!-- This site is optimized with the Yoast SEO plugin v18.9 - https:\/\/yoast.com\/wordpress\/plugins\/seo\/ -->\n<title>Laboratorio de Secador Geosolar -<\/title>\n<meta name=\"robots\" content=\"index, follow, max-snippet:-1, max-image-preview:large, max-video-preview:-1\" \/>\n<link rel=\"canonical\" href=\"https:\/\/dinn.ucsc.cl\/index.php\/laboratorio-de-secador-geosolar\/\" \/>\n<meta property=\"og:locale\" content=\"es_ES\" \/>\n<meta property=\"og:type\" content=\"article\" \/>\n<meta property=\"og:title\" content=\"Laboratorio de Secador Geosolar -\" \/>\n<meta property=\"og:description\" content=\"Descripci\u00f3n Unidad de secado a partir de la integraci\u00f3n de energ\u00edas renovables como estrategia de sustentabilidad econ\u00f3mica y ambiental. Dependencia Edificio de Investigaci\u00f3n e Innovaci\u00f3n VRIP UCSC. Director(a) responsable \u2022 Dra. Ana Narv\u00e1ez. \u2022 Dr. Guillermo Ram\u00edrez. Contacto anarvaez@ucsc.cl guillermoramirez@ucsc.cl Web No tiene. \u00c1reas de conocimiento \u2022 Geot\u00e9cnica. \u2022 Ingenier\u00eda: &#8211; Mec\u00e1nica. &#8211; El\u00e9ctrica. &#8211; [&hellip;]\" \/>\n<meta property=\"og:url\" content=\"https:\/\/dinn.ucsc.cl\/index.php\/laboratorio-de-secador-geosolar\/\" \/>\n<meta property=\"article:publisher\" content=\"https:\/\/m.facebook.com\/DINNUCSC\" \/>\n<meta property=\"article:modified_time\" content=\"2023-10-16T00:14:10+00:00\" \/>\n<meta property=\"og:image\" content=\"https:\/\/sitios.ucsc.cl\/ott\/wp-content\/uploads\/sites\/15\/2022\/09\/HEADER_CU_2_N.png\" \/>\n<meta name=\"twitter:card\" content=\"summary\" \/>\n<meta name=\"twitter:site\" content=\"@dinn_ucsc\" \/>\n<meta name=\"twitter:label1\" content=\"Tiempo de lectura\" \/>\n\t<meta name=\"twitter:data1\" content=\"2 minutos\" \/>\n<script type=\"application\/ld+json\" class=\"yoast-schema-graph\">{\"@context\":\"https:\/\/schema.org\",\"@graph\":[{\"@type\":\"WebSite\",\"@id\":\"https:\/\/dinn.ucsc.cl\/#website\",\"url\":\"https:\/\/dinn.ucsc.cl\/\",\"name\":\"Direcci\u00f3n de Innovaci\u00f3n UCSC\",\"description\":\"Direcci\u00f3n de Innovaci\u00f3n\",\"potentialAction\":[{\"@type\":\"SearchAction\",\"target\":{\"@type\":\"EntryPoint\",\"urlTemplate\":\"https:\/\/dinn.ucsc.cl\/?s={search_term_string}\"},\"query-input\":\"required name=search_term_string\"}],\"inLanguage\":\"es\"},{\"@type\":\"ImageObject\",\"inLanguage\":\"es\",\"@id\":\"https:\/\/dinn.ucsc.cl\/index.php\/laboratorio-de-secador-geosolar\/#primaryimage\",\"url\":\"https:\/\/sitios.ucsc.cl\/ott\/wp-content\/uploads\/sites\/15\/2022\/09\/HEADER_CU_2_N.png\",\"contentUrl\":\"https:\/\/sitios.ucsc.cl\/ott\/wp-content\/uploads\/sites\/15\/2022\/09\/HEADER_CU_2_N.png\"},{\"@type\":\"WebPage\",\"@id\":\"https:\/\/dinn.ucsc.cl\/index.php\/laboratorio-de-secador-geosolar\/#webpage\",\"url\":\"https:\/\/dinn.ucsc.cl\/index.php\/laboratorio-de-secador-geosolar\/\",\"name\":\"Laboratorio de Secador Geosolar -\",\"isPartOf\":{\"@id\":\"https:\/\/dinn.ucsc.cl\/#website\"},\"primaryImageOfPage\":{\"@id\":\"https:\/\/dinn.ucsc.cl\/index.php\/laboratorio-de-secador-geosolar\/#primaryimage\"},\"datePublished\":\"2022-11-29T02:12:48+00:00\",\"dateModified\":\"2023-10-16T00:14:10+00:00\",\"breadcrumb\":{\"@id\":\"https:\/\/dinn.ucsc.cl\/index.php\/laboratorio-de-secador-geosolar\/#breadcrumb\"},\"inLanguage\":\"es\",\"potentialAction\":[{\"@type\":\"ReadAction\",\"target\":[\"https:\/\/dinn.ucsc.cl\/index.php\/laboratorio-de-secador-geosolar\/\"]}]},{\"@type\":\"BreadcrumbList\",\"@id\":\"https:\/\/dinn.ucsc.cl\/index.php\/laboratorio-de-secador-geosolar\/#breadcrumb\",\"itemListElement\":[{\"@type\":\"ListItem\",\"position\":1,\"name\":\"Inicio\",\"item\":\"https:\/\/dinn.ucsc.cl\/\"},{\"@type\":\"ListItem\",\"position\":2,\"name\":\"Laboratorio de Secador Geosolar\"}]}]}<\/script>\n<!-- \/ Yoast SEO plugin. -->","yoast_head_json":{"title":"Laboratorio de Secador Geosolar -","robots":{"index":"index","follow":"follow","max-snippet":"max-snippet:-1","max-image-preview":"max-image-preview:large","max-video-preview":"max-video-preview:-1"},"canonical":"https:\/\/dinn.ucsc.cl\/index.php\/laboratorio-de-secador-geosolar\/","og_locale":"es_ES","og_type":"article","og_title":"Laboratorio de Secador Geosolar -","og_description":"Descripci\u00f3n Unidad de secado a partir de la integraci\u00f3n de energ\u00edas renovables como estrategia de sustentabilidad econ\u00f3mica y ambiental. Dependencia Edificio de Investigaci\u00f3n e Innovaci\u00f3n VRIP UCSC. Director(a) responsable \u2022 Dra. Ana Narv\u00e1ez. \u2022 Dr. Guillermo Ram\u00edrez. Contacto anarvaez@ucsc.cl guillermoramirez@ucsc.cl Web No tiene. \u00c1reas de conocimiento \u2022 Geot\u00e9cnica. \u2022 Ingenier\u00eda: &#8211; Mec\u00e1nica. &#8211; El\u00e9ctrica. &#8211; [&hellip;]","og_url":"https:\/\/dinn.ucsc.cl\/index.php\/laboratorio-de-secador-geosolar\/","article_publisher":"https:\/\/m.facebook.com\/DINNUCSC","article_modified_time":"2023-10-16T00:14:10+00:00","og_image":[{"url":"https:\/\/sitios.ucsc.cl\/ott\/wp-content\/uploads\/sites\/15\/2022\/09\/HEADER_CU_2_N.png"}],"twitter_card":"summary","twitter_site":"@dinn_ucsc","twitter_misc":{"Tiempo de lectura":"2 minutos"},"schema":{"@context":"https:\/\/schema.org","@graph":[{"@type":"WebSite","@id":"https:\/\/dinn.ucsc.cl\/#website","url":"https:\/\/dinn.ucsc.cl\/","name":"Direcci\u00f3n de Innovaci\u00f3n UCSC","description":"Direcci\u00f3n de Innovaci\u00f3n","potentialAction":[{"@type":"SearchAction","target":{"@type":"EntryPoint","urlTemplate":"https:\/\/dinn.ucsc.cl\/?s={search_term_string}"},"query-input":"required name=search_term_string"}],"inLanguage":"es"},{"@type":"ImageObject","inLanguage":"es","@id":"https:\/\/dinn.ucsc.cl\/index.php\/laboratorio-de-secador-geosolar\/#primaryimage","url":"https:\/\/sitios.ucsc.cl\/ott\/wp-content\/uploads\/sites\/15\/2022\/09\/HEADER_CU_2_N.png","contentUrl":"https:\/\/sitios.ucsc.cl\/ott\/wp-content\/uploads\/sites\/15\/2022\/09\/HEADER_CU_2_N.png"},{"@type":"WebPage","@id":"https:\/\/dinn.ucsc.cl\/index.php\/laboratorio-de-secador-geosolar\/#webpage","url":"https:\/\/dinn.ucsc.cl\/index.php\/laboratorio-de-secador-geosolar\/","name":"Laboratorio de Secador Geosolar -","isPartOf":{"@id":"https:\/\/dinn.ucsc.cl\/#website"},"primaryImageOfPage":{"@id":"https:\/\/dinn.ucsc.cl\/index.php\/laboratorio-de-secador-geosolar\/#primaryimage"},"datePublished":"2022-11-29T02:12:48+00:00","dateModified":"2023-10-16T00:14:10+00:00","breadcrumb":{"@id":"https:\/\/dinn.ucsc.cl\/index.php\/laboratorio-de-secador-geosolar\/#breadcrumb"},"inLanguage":"es","potentialAction":[{"@type":"ReadAction","target":["https:\/\/dinn.ucsc.cl\/index.php\/laboratorio-de-secador-geosolar\/"]}]},{"@type":"BreadcrumbList","@id":"https:\/\/dinn.ucsc.cl\/index.php\/laboratorio-de-secador-geosolar\/#breadcrumb","itemListElement":[{"@type":"ListItem","position":1,"name":"Inicio","item":"https:\/\/dinn.ucsc.cl\/"},{"@type":"ListItem","position":2,"name":"Laboratorio de Secador Geosolar"}]}]}},"_links":{"self":[{"href":"https:\/\/dinn.ucsc.cl\/index.php\/wp-json\/wp\/v2\/pages\/4240"}],"collection":[{"href":"https:\/\/dinn.ucsc.cl\/index.php\/wp-json\/wp\/v2\/pages"}],"about":[{"href":"https:\/\/dinn.ucsc.cl\/index.php\/wp-json\/wp\/v2\/types\/page"}],"author":[{"embeddable":true,"href":"https:\/\/dinn.ucsc.cl\/index.php\/wp-json\/wp\/v2\/users\/84"}],"replies":[{"embeddable":true,"href":"https:\/\/dinn.ucsc.cl\/index.php\/wp-json\/wp\/v2\/comments?post=4240"}],"version-history":[{"count":3,"href":"https:\/\/dinn.ucsc.cl\/index.php\/wp-json\/wp\/v2\/pages\/4240\/revisions"}],"predecessor-version":[{"id":5509,"href":"https:\/\/dinn.ucsc.cl\/index.php\/wp-json\/wp\/v2\/pages\/4240\/revisions\/5509"}],"wp:attachment":[{"href":"https:\/\/dinn.ucsc.cl\/index.php\/wp-json\/wp\/v2\/media?parent=4240"}],"curies":[{"name":"wp","href":"https:\/\/api.w.org\/{rel}","templated":true}]}}