{"id":6027,"date":"2024-11-04T11:14:25","date_gmt":"2024-11-04T14:14:25","guid":{"rendered":"https:\/\/dinn.ucsc.cl\/?page_id=6027"},"modified":"2024-11-05T11:36:47","modified_gmt":"2024-11-05T14:36:47","slug":"programa-curso-diversidad-en-el-aula-y-como-implementar-practicas-pedagogicas-inclusivas","status":"publish","type":"page","link":"https:\/\/dinn.ucsc.cl\/index.php\/programa-curso-diversidad-en-el-aula-y-como-implementar-practicas-pedagogicas-inclusivas\/","title":{"rendered":"Programa curso diversidad en el aula y c\u00f3mo implementar pr\u00e1cticas pedag\u00f3gicas inclusivas"},"content":{"rendered":"<table class=\" alignleft\" style=\"height: 971px\">\n<tbody>\n<tr style=\"height: 153px\">\n<td style=\"width: 810px;height: 153px\" colspan=\"5\"><img loading=\"lazy\" class=\"aligncenter wp-image-6058\" src=\"https:\/\/dinn.ucsc.cl\/wp-content\/uploads\/sites\/14\/2024\/11\/OTT_DDA_10.png\" alt=\"\" width=\"839\" height=\"172\" srcset=\"https:\/\/dinn.ucsc.cl\/wp-content\/uploads\/sites\/14\/2024\/11\/OTT_DDA_10.png 1344w, https:\/\/dinn.ucsc.cl\/wp-content\/uploads\/sites\/14\/2024\/11\/OTT_DDA_10-300x61.png 300w, https:\/\/dinn.ucsc.cl\/wp-content\/uploads\/sites\/14\/2024\/11\/OTT_DDA_10-1024x210.png 1024w, https:\/\/dinn.ucsc.cl\/wp-content\/uploads\/sites\/14\/2024\/11\/OTT_DDA_10-768x157.png 768w, https:\/\/dinn.ucsc.cl\/wp-content\/uploads\/sites\/14\/2024\/11\/OTT_DDA_10-200x41.png 200w\" sizes=\"(max-width: 839px) 100vw, 839px\" \/><\/td>\n<\/tr>\n<tr style=\"height: 181px\">\n<td style=\"width: 8px;height: 181px\"><\/td>\n<td style=\"width: 64.0625px;height: 181px\"><a href=\"https:\/\/sitios.ucsc.cl\/ott\/wp-content\/uploads\/sites\/15\/2022\/06\/OTT_DDA_1.png\"><img loading=\"lazy\" class=\"aligncenter size-full wp-image-2175\" src=\"https:\/\/sitios.ucsc.cl\/ott\/wp-content\/uploads\/sites\/15\/2022\/06\/OTT_DDA_1.png\" alt=\"\" width=\"50\" height=\"50\" \/><\/a><\/td>\n<td style=\"width: 15px;height: 181px\"><\/td>\n<td style=\"width: 704.875px;height: 181px\">\n<h3>Descripci\u00f3n<\/h3>\n<p style=\"text-align: justify\">Es un programa de capacitaci\u00f3n para profesores y profesionales de apoyo a la educaci\u00f3n, enfocado en desarrollar una cultura escolar inclusiva. Facilita la implementaci\u00f3n de pr\u00e1cticas pedag\u00f3gicas inclusivas, alineadas con la pol\u00edtica p\u00fablica, para ofrecer a todos los estudiantes oportunidades de desarrollo y aprendizaje. Se basa en la triangulaci\u00f3n de necesidades del sistema escolar, elementos pedag\u00f3gicos y de coaching profesional, y la experiencia docente de la autora.<\/p>\n<\/td>\n<td style=\"width: 18.0625px;height: 181px\">\n<h3><\/h3>\n<\/td>\n<\/tr>\n<tr style=\"height: 156px\">\n<td style=\"width: 8px;height: 156px\"><\/td>\n<td style=\"width: 64.0625px;height: 156px\"><a href=\"https:\/\/sitios.ucsc.cl\/ott\/wp-content\/uploads\/sites\/15\/2022\/06\/OTT_DDA_2.png\"><img loading=\"lazy\" class=\"aligncenter size-full wp-image-2176\" src=\"https:\/\/sitios.ucsc.cl\/ott\/wp-content\/uploads\/sites\/15\/2022\/06\/OTT_DDA_2.png\" alt=\"\" width=\"50\" height=\"50\" \/><\/a><\/td>\n<td style=\"width: 15px;height: 156px\"><\/td>\n<td style=\"width: 704.875px;height: 156px\">\n<h3>Beneficios \/ Ventajas<\/h3>\n<ul>\n<li data-olk-copy-source=\"MailCompose\"><strong>Inclusi\u00f3n Educativa:<\/strong> Promueve un ambiente escolar inclusivo, asegurando que todos los estudiantes tengan oportunidades equitativas de aprendizaje y desarrollo.<\/li>\n<li><strong>Formaci\u00f3n Integral:<\/strong> Ofrece una capacitaci\u00f3n completa que integra elementos pedag\u00f3gicos, coaching profesional y experiencia docente.<\/li>\n<li><strong>Mejora de Pr\u00e1cticas:<\/strong> Ayuda a los profesores a implementar pr\u00e1cticas pedag\u00f3gicas inclusivas y efectivas en el aula.<\/li>\n<\/ul>\n<\/td>\n<td style=\"width: 18.0625px;height: 156px\"><\/td>\n<\/tr>\n<tr style=\"height: 104px\">\n<td style=\"width: 8px;height: 104px\"><\/td>\n<td style=\"width: 64.0625px;height: 104px\"><a href=\"https:\/\/sitios.ucsc.cl\/ott\/wp-content\/uploads\/sites\/15\/2022\/06\/OTT_DDA_3.png\"><img loading=\"lazy\" class=\"aligncenter size-full wp-image-2177\" src=\"https:\/\/sitios.ucsc.cl\/ott\/wp-content\/uploads\/sites\/15\/2022\/06\/OTT_DDA_3.png\" alt=\"\" width=\"50\" height=\"50\" \/><\/a><\/td>\n<td style=\"width: 15px;height: 104px\"><\/td>\n<td style=\"width: 704.875px;height: 104px\">\n<h3>Usos \/ Aplicaciones<\/h3>\n<p style=\"text-align: justify\">Sirve para fortalecer las capacidades de los educadores y profesionales de apoyo, permiti\u00e9ndoles implementar pr\u00e1cticas pedag\u00f3gicas inclusivas que apoyen el desarrollo integral de todos los estudiantes en un entorno escolar diverso y din\u00e1mico.<\/p>\n<\/td>\n<td style=\"width: 18.0625px;height: 104px\"><\/td>\n<\/tr>\n<tr style=\"height: 79px\">\n<td style=\"width: 8px;height: 79px\"><\/td>\n<td style=\"width: 64.0625px;height: 79px\"><a href=\"https:\/\/sitios.ucsc.cl\/ott\/wp-content\/uploads\/sites\/15\/2022\/06\/OTT_DDA_4.png\"><img loading=\"lazy\" class=\"aligncenter size-full wp-image-2178\" src=\"https:\/\/sitios.ucsc.cl\/ott\/wp-content\/uploads\/sites\/15\/2022\/06\/OTT_DDA_4.png\" alt=\"\" width=\"50\" height=\"50\" \/><\/a><\/td>\n<td style=\"width: 15px;height: 79px\"><\/td>\n<td style=\"width: 704.875px;height: 79px\">\n<h3>Oferta tecnol\u00f3gica<\/h3>\n<p>Esta obra se encuentra disponible para licenciamiento.<\/td>\n<td style=\"width: 18.0625px;height: 79px\"><\/td>\n<\/tr>\n<tr style=\"height: 79px\">\n<td style=\"width: 8px;height: 79px\"><\/td>\n<td style=\"width: 64.0625px;height: 79px\"><a href=\"https:\/\/sitios.ucsc.cl\/ott\/wp-content\/uploads\/sites\/15\/2022\/06\/OTT_DDA_5.png\"><img loading=\"lazy\" class=\"aligncenter size-full wp-image-2179\" src=\"https:\/\/sitios.ucsc.cl\/ott\/wp-content\/uploads\/sites\/15\/2022\/06\/OTT_DDA_5.png\" alt=\"\" width=\"50\" height=\"50\" \/><\/a><\/td>\n<td style=\"width: 15px;height: 79px\"><\/td>\n<td style=\"width: 704.875px;height: 79px\">\n<h3>Propiedad intelectual<\/h3>\n<p>Registro Derecho de Autor: 2020-A-3493<\/td>\n<td style=\"width: 18.0625px;height: 79px\"><\/td>\n<\/tr>\n<tr style=\"height: 104px\">\n<td style=\"width: 8px;height: 104px\"><\/td>\n<td style=\"width: 64.0625px;height: 104px\"><a href=\"https:\/\/sitios.ucsc.cl\/ott\/wp-content\/uploads\/sites\/15\/2022\/06\/OTT_DDA_6.png\"><img loading=\"lazy\" class=\"size-full wp-image-2180 aligncenter\" src=\"https:\/\/sitios.ucsc.cl\/ott\/wp-content\/uploads\/sites\/15\/2022\/06\/OTT_DDA_6.png\" alt=\"\" width=\"50\" height=\"50\" \/><\/a><\/td>\n<td style=\"width: 15px;height: 104px\"><\/td>\n<td style=\"width: 704.875px;height: 104px\">\n<h3>Autores\/as<\/h3>\n<div data-olk-copy-source=\"MailCompose\"><strong>Dr. Guido Salazar Sep\u00falveda,<\/strong> Facultad de Ingenier\u00eda.<br \/>\n<strong>Ver\u00f3nica Garc\u00eda Luarte.<\/strong><\/div>\n<div id=\"Signature\" class=\"elementToProof\">\n<div><\/div>\n<\/div>\n<\/td>\n<td style=\"width: 18.0625px;height: 104px\"><\/td>\n<\/tr>\n<tr style=\"height: 115px\">\n<td style=\"width: 8px;height: 115px\"><\/td>\n<td style=\"width: 783.938px;height: 115px\" colspan=\"3\">&nbsp;<\/p>\n<p><a href=\"https:\/\/dinn.ucsc.cl\/wp-content\/uploads\/sites\/14\/2024\/11\/OTT_DDA_2024_10.pdf\" target=\"_blank\" rel=\"noopener\"><img loading=\"lazy\" class=\"aligncenter wp-image-2220 size-medium\" src=\"https:\/\/sitios.ucsc.cl\/ott\/wp-content\/uploads\/sites\/15\/2022\/06\/Bot\u00f3n-descarga-300x61.png\" alt=\"\" width=\"300\" height=\"61\" \/><\/a><\/td>\n<td style=\"width: 18.0625px;height: 115px\"><\/td>\n<\/tr>\n<\/tbody>\n<\/table>\n","protected":false},"excerpt":{"rendered":"<p>Descripci\u00f3n Es un programa de capacitaci\u00f3n para profesores y profesionales de apoyo a la educaci\u00f3n, enfocado en desarrollar una cultura escolar inclusiva. Facilita la implementaci\u00f3n de pr\u00e1cticas pedag\u00f3gicas inclusivas, alineadas con la pol\u00edtica p\u00fablica, para ofrecer a todos los estudiantes oportunidades de desarrollo y aprendizaje. Se basa en la triangulaci\u00f3n de necesidades del sistema escolar, [&hellip;]<\/p>\n","protected":false},"author":84,"featured_media":0,"parent":0,"menu_order":0,"comment_status":"closed","ping_status":"closed","template":"","meta":[],"yoast_head":"<!-- This site is optimized with the Yoast SEO plugin v18.9 - https:\/\/yoast.com\/wordpress\/plugins\/seo\/ -->\n<title>Programa curso diversidad en el aula y c\u00f3mo implementar pr\u00e1cticas pedag\u00f3gicas inclusivas -<\/title>\n<meta name=\"robots\" content=\"index, follow, max-snippet:-1, max-image-preview:large, max-video-preview:-1\" \/>\n<link rel=\"canonical\" href=\"https:\/\/dinn.ucsc.cl\/index.php\/programa-curso-diversidad-en-el-aula-y-como-implementar-practicas-pedagogicas-inclusivas\/\" \/>\n<meta property=\"og:locale\" content=\"es_ES\" \/>\n<meta property=\"og:type\" content=\"article\" \/>\n<meta property=\"og:title\" content=\"Programa curso diversidad en el aula y c\u00f3mo implementar pr\u00e1cticas pedag\u00f3gicas inclusivas -\" \/>\n<meta property=\"og:description\" content=\"Descripci\u00f3n Es un programa de capacitaci\u00f3n para profesores y profesionales de apoyo a la educaci\u00f3n, enfocado en desarrollar una cultura escolar inclusiva. Facilita la implementaci\u00f3n de pr\u00e1cticas pedag\u00f3gicas inclusivas, alineadas con la pol\u00edtica p\u00fablica, para ofrecer a todos los estudiantes oportunidades de desarrollo y aprendizaje. Se basa en la triangulaci\u00f3n de necesidades del sistema escolar, [&hellip;]\" \/>\n<meta property=\"og:url\" content=\"https:\/\/dinn.ucsc.cl\/index.php\/programa-curso-diversidad-en-el-aula-y-como-implementar-practicas-pedagogicas-inclusivas\/\" \/>\n<meta property=\"article:publisher\" content=\"https:\/\/m.facebook.com\/DINNUCSC\" \/>\n<meta property=\"article:modified_time\" content=\"2024-11-05T14:36:47+00:00\" \/>\n<meta property=\"og:image\" content=\"https:\/\/sitios.ucsc.cl\/investigacion\/wp-content\/uploads\/sites\/14\/2024\/11\/OTT_DDA_10.png\" \/>\n<meta name=\"twitter:card\" content=\"summary\" \/>\n<meta name=\"twitter:site\" content=\"@dinn_ucsc\" \/>\n<meta name=\"twitter:label1\" content=\"Tiempo de lectura\" \/>\n\t<meta name=\"twitter:data1\" content=\"1 minuto\" \/>\n<script type=\"application\/ld+json\" class=\"yoast-schema-graph\">{\"@context\":\"https:\/\/schema.org\",\"@graph\":[{\"@type\":\"WebSite\",\"@id\":\"https:\/\/dinn.ucsc.cl\/#website\",\"url\":\"https:\/\/dinn.ucsc.cl\/\",\"name\":\"Direcci\u00f3n de Innovaci\u00f3n UCSC\",\"description\":\"Direcci\u00f3n de Innovaci\u00f3n\",\"potentialAction\":[{\"@type\":\"SearchAction\",\"target\":{\"@type\":\"EntryPoint\",\"urlTemplate\":\"https:\/\/dinn.ucsc.cl\/?s={search_term_string}\"},\"query-input\":\"required name=search_term_string\"}],\"inLanguage\":\"es\"},{\"@type\":\"ImageObject\",\"inLanguage\":\"es\",\"@id\":\"https:\/\/dinn.ucsc.cl\/index.php\/programa-curso-diversidad-en-el-aula-y-como-implementar-practicas-pedagogicas-inclusivas\/#primaryimage\",\"url\":\"https:\/\/sitios.ucsc.cl\/investigacion\/wp-content\/uploads\/sites\/14\/2024\/11\/OTT_DDA_10.png\",\"contentUrl\":\"https:\/\/sitios.ucsc.cl\/investigacion\/wp-content\/uploads\/sites\/14\/2024\/11\/OTT_DDA_10.png\"},{\"@type\":\"WebPage\",\"@id\":\"https:\/\/dinn.ucsc.cl\/index.php\/programa-curso-diversidad-en-el-aula-y-como-implementar-practicas-pedagogicas-inclusivas\/#webpage\",\"url\":\"https:\/\/dinn.ucsc.cl\/index.php\/programa-curso-diversidad-en-el-aula-y-como-implementar-practicas-pedagogicas-inclusivas\/\",\"name\":\"Programa curso diversidad en el aula y c\u00f3mo implementar pr\u00e1cticas pedag\u00f3gicas inclusivas -\",\"isPartOf\":{\"@id\":\"https:\/\/dinn.ucsc.cl\/#website\"},\"primaryImageOfPage\":{\"@id\":\"https:\/\/dinn.ucsc.cl\/index.php\/programa-curso-diversidad-en-el-aula-y-como-implementar-practicas-pedagogicas-inclusivas\/#primaryimage\"},\"datePublished\":\"2024-11-04T14:14:25+00:00\",\"dateModified\":\"2024-11-05T14:36:47+00:00\",\"breadcrumb\":{\"@id\":\"https:\/\/dinn.ucsc.cl\/index.php\/programa-curso-diversidad-en-el-aula-y-como-implementar-practicas-pedagogicas-inclusivas\/#breadcrumb\"},\"inLanguage\":\"es\",\"potentialAction\":[{\"@type\":\"ReadAction\",\"target\":[\"https:\/\/dinn.ucsc.cl\/index.php\/programa-curso-diversidad-en-el-aula-y-como-implementar-practicas-pedagogicas-inclusivas\/\"]}]},{\"@type\":\"BreadcrumbList\",\"@id\":\"https:\/\/dinn.ucsc.cl\/index.php\/programa-curso-diversidad-en-el-aula-y-como-implementar-practicas-pedagogicas-inclusivas\/#breadcrumb\",\"itemListElement\":[{\"@type\":\"ListItem\",\"position\":1,\"name\":\"Inicio\",\"item\":\"https:\/\/dinn.ucsc.cl\/\"},{\"@type\":\"ListItem\",\"position\":2,\"name\":\"Programa curso diversidad en el aula y c\u00f3mo implementar pr\u00e1cticas pedag\u00f3gicas inclusivas\"}]}]}<\/script>\n<!-- \/ Yoast SEO plugin. -->","yoast_head_json":{"title":"Programa curso diversidad en el aula y c\u00f3mo implementar pr\u00e1cticas pedag\u00f3gicas inclusivas -","robots":{"index":"index","follow":"follow","max-snippet":"max-snippet:-1","max-image-preview":"max-image-preview:large","max-video-preview":"max-video-preview:-1"},"canonical":"https:\/\/dinn.ucsc.cl\/index.php\/programa-curso-diversidad-en-el-aula-y-como-implementar-practicas-pedagogicas-inclusivas\/","og_locale":"es_ES","og_type":"article","og_title":"Programa curso diversidad en el aula y c\u00f3mo implementar pr\u00e1cticas pedag\u00f3gicas inclusivas -","og_description":"Descripci\u00f3n Es un programa de capacitaci\u00f3n para profesores y profesionales de apoyo a la educaci\u00f3n, enfocado en desarrollar una cultura escolar inclusiva. Facilita la implementaci\u00f3n de pr\u00e1cticas pedag\u00f3gicas inclusivas, alineadas con la pol\u00edtica p\u00fablica, para ofrecer a todos los estudiantes oportunidades de desarrollo y aprendizaje. Se basa en la triangulaci\u00f3n de necesidades del sistema escolar, [&hellip;]","og_url":"https:\/\/dinn.ucsc.cl\/index.php\/programa-curso-diversidad-en-el-aula-y-como-implementar-practicas-pedagogicas-inclusivas\/","article_publisher":"https:\/\/m.facebook.com\/DINNUCSC","article_modified_time":"2024-11-05T14:36:47+00:00","og_image":[{"url":"https:\/\/sitios.ucsc.cl\/investigacion\/wp-content\/uploads\/sites\/14\/2024\/11\/OTT_DDA_10.png"}],"twitter_card":"summary","twitter_site":"@dinn_ucsc","twitter_misc":{"Tiempo de lectura":"1 minuto"},"schema":{"@context":"https:\/\/schema.org","@graph":[{"@type":"WebSite","@id":"https:\/\/dinn.ucsc.cl\/#website","url":"https:\/\/dinn.ucsc.cl\/","name":"Direcci\u00f3n de Innovaci\u00f3n UCSC","description":"Direcci\u00f3n de Innovaci\u00f3n","potentialAction":[{"@type":"SearchAction","target":{"@type":"EntryPoint","urlTemplate":"https:\/\/dinn.ucsc.cl\/?s={search_term_string}"},"query-input":"required name=search_term_string"}],"inLanguage":"es"},{"@type":"ImageObject","inLanguage":"es","@id":"https:\/\/dinn.ucsc.cl\/index.php\/programa-curso-diversidad-en-el-aula-y-como-implementar-practicas-pedagogicas-inclusivas\/#primaryimage","url":"https:\/\/sitios.ucsc.cl\/investigacion\/wp-content\/uploads\/sites\/14\/2024\/11\/OTT_DDA_10.png","contentUrl":"https:\/\/sitios.ucsc.cl\/investigacion\/wp-content\/uploads\/sites\/14\/2024\/11\/OTT_DDA_10.png"},{"@type":"WebPage","@id":"https:\/\/dinn.ucsc.cl\/index.php\/programa-curso-diversidad-en-el-aula-y-como-implementar-practicas-pedagogicas-inclusivas\/#webpage","url":"https:\/\/dinn.ucsc.cl\/index.php\/programa-curso-diversidad-en-el-aula-y-como-implementar-practicas-pedagogicas-inclusivas\/","name":"Programa curso diversidad en el aula y c\u00f3mo implementar pr\u00e1cticas pedag\u00f3gicas inclusivas -","isPartOf":{"@id":"https:\/\/dinn.ucsc.cl\/#website"},"primaryImageOfPage":{"@id":"https:\/\/dinn.ucsc.cl\/index.php\/programa-curso-diversidad-en-el-aula-y-como-implementar-practicas-pedagogicas-inclusivas\/#primaryimage"},"datePublished":"2024-11-04T14:14:25+00:00","dateModified":"2024-11-05T14:36:47+00:00","breadcrumb":{"@id":"https:\/\/dinn.ucsc.cl\/index.php\/programa-curso-diversidad-en-el-aula-y-como-implementar-practicas-pedagogicas-inclusivas\/#breadcrumb"},"inLanguage":"es","potentialAction":[{"@type":"ReadAction","target":["https:\/\/dinn.ucsc.cl\/index.php\/programa-curso-diversidad-en-el-aula-y-como-implementar-practicas-pedagogicas-inclusivas\/"]}]},{"@type":"BreadcrumbList","@id":"https:\/\/dinn.ucsc.cl\/index.php\/programa-curso-diversidad-en-el-aula-y-como-implementar-practicas-pedagogicas-inclusivas\/#breadcrumb","itemListElement":[{"@type":"ListItem","position":1,"name":"Inicio","item":"https:\/\/dinn.ucsc.cl\/"},{"@type":"ListItem","position":2,"name":"Programa curso diversidad en el aula y c\u00f3mo implementar pr\u00e1cticas pedag\u00f3gicas inclusivas"}]}]}},"_links":{"self":[{"href":"https:\/\/dinn.ucsc.cl\/index.php\/wp-json\/wp\/v2\/pages\/6027"}],"collection":[{"href":"https:\/\/dinn.ucsc.cl\/index.php\/wp-json\/wp\/v2\/pages"}],"about":[{"href":"https:\/\/dinn.ucsc.cl\/index.php\/wp-json\/wp\/v2\/types\/page"}],"author":[{"embeddable":true,"href":"https:\/\/dinn.ucsc.cl\/index.php\/wp-json\/wp\/v2\/users\/84"}],"replies":[{"embeddable":true,"href":"https:\/\/dinn.ucsc.cl\/index.php\/wp-json\/wp\/v2\/comments?post=6027"}],"version-history":[{"count":3,"href":"https:\/\/dinn.ucsc.cl\/index.php\/wp-json\/wp\/v2\/pages\/6027\/revisions"}],"predecessor-version":[{"id":6073,"href":"https:\/\/dinn.ucsc.cl\/index.php\/wp-json\/wp\/v2\/pages\/6027\/revisions\/6073"}],"wp:attachment":[{"href":"https:\/\/dinn.ucsc.cl\/index.php\/wp-json\/wp\/v2\/media?parent=6027"}],"curies":[{"name":"wp","href":"https:\/\/api.w.org\/{rel}","templated":true}]}}