{"id":6154,"date":"2024-11-14T13:47:34","date_gmt":"2024-11-14T16:47:34","guid":{"rendered":"https:\/\/dinn.ucsc.cl\/?page_id=6154"},"modified":"2024-11-14T13:53:14","modified_gmt":"2024-11-14T16:53:14","slug":"guia-orientadora-formacion-inicial-docente-en-pedagogia-en-educacion-fisica-con-perspectiva-en-responsabilidad-social-y-formacion-ciudadana","status":"publish","type":"page","link":"https:\/\/dinn.ucsc.cl\/index.php\/guia-orientadora-formacion-inicial-docente-en-pedagogia-en-educacion-fisica-con-perspectiva-en-responsabilidad-social-y-formacion-ciudadana\/","title":{"rendered":"Gu\u00eda Orientadora: Formaci\u00f3n Inicial Docente en Pedagog\u00eda en Educaci\u00f3n F\u00edsica con perspectiva en responsabilidad social y formaci\u00f3n ciudadana."},"content":{"rendered":"<table class=\" alignleft\" style=\"height: 971px;width: 811px\">\n<tbody>\n<tr style=\"height: 153px\">\n<td style=\"width: 810px;height: 153px\" colspan=\"5\"><img loading=\"lazy\" class=\"aligncenter wp-image-6155\" src=\"https:\/\/dinn.ucsc.cl\/wp-content\/uploads\/sites\/14\/2024\/11\/OTT_DDA_15.png\" alt=\"\" width=\"839\" height=\"172\" srcset=\"https:\/\/dinn.ucsc.cl\/wp-content\/uploads\/sites\/14\/2024\/11\/OTT_DDA_15.png 1344w, https:\/\/dinn.ucsc.cl\/wp-content\/uploads\/sites\/14\/2024\/11\/OTT_DDA_15-300x61.png 300w, https:\/\/dinn.ucsc.cl\/wp-content\/uploads\/sites\/14\/2024\/11\/OTT_DDA_15-1024x210.png 1024w, https:\/\/dinn.ucsc.cl\/wp-content\/uploads\/sites\/14\/2024\/11\/OTT_DDA_15-768x157.png 768w, https:\/\/dinn.ucsc.cl\/wp-content\/uploads\/sites\/14\/2024\/11\/OTT_DDA_15-200x41.png 200w\" sizes=\"(max-width: 839px) 100vw, 839px\" \/><\/td>\n<\/tr>\n<tr style=\"height: 181px\">\n<td style=\"width: 8px;height: 181px\"><\/td>\n<td style=\"width: 64.0781px;height: 181px\"><a href=\"https:\/\/sitios.ucsc.cl\/ott\/wp-content\/uploads\/sites\/15\/2022\/06\/OTT_DDA_1.png\"><img loading=\"lazy\" class=\"aligncenter size-full wp-image-2175\" src=\"https:\/\/sitios.ucsc.cl\/ott\/wp-content\/uploads\/sites\/15\/2022\/06\/OTT_DDA_1.png\" alt=\"\" width=\"50\" height=\"50\" \/><\/a><\/td>\n<td style=\"width: 15.0156px\"><\/td>\n<td style=\"width: 704.859px;height: 181px\">\n<h3>Descripci\u00f3n<\/h3>\n<p style=\"text-align: justify\">Gu\u00eda orientadora que establece directrices y lineamientos para la formaci\u00f3n inicial en Pedagog\u00eda en Educaci\u00f3n F\u00edsica (PEF), con un enfoque en la responsabilidad social y la formaci\u00f3n ciudadana. Contextualiza la Formaci\u00f3n Inicial Docente (FID) y la Vinculaci\u00f3n con el Medio (VcM), integrando estos elementos esenciales para abordar las necesidades de las comunidades chilenas. Proporciona lineamientos claros, pol\u00edticas p\u00fablicas y requisitos para la FID en PEF, asegurando una implementaci\u00f3n curricular coherente y programas formativos de alta calidad, adaptados a las demandas del sistema escolar. La gu\u00eda, dise\u00f1ada para estudiantes de 18 a 27 a\u00f1os, incluye infograf\u00edas y contenido actualizado.<\/p>\n<\/td>\n<td style=\"width: 18.0469px;height: 181px\">\n<h3><\/h3>\n<\/td>\n<\/tr>\n<tr style=\"height: 156px\">\n<td style=\"width: 8px;height: 156px\"><\/td>\n<td style=\"width: 64.0781px;height: 156px\"><a href=\"https:\/\/sitios.ucsc.cl\/ott\/wp-content\/uploads\/sites\/15\/2022\/06\/OTT_DDA_2.png\"><img loading=\"lazy\" class=\"aligncenter size-full wp-image-2176\" src=\"https:\/\/sitios.ucsc.cl\/ott\/wp-content\/uploads\/sites\/15\/2022\/06\/OTT_DDA_2.png\" alt=\"\" width=\"50\" height=\"50\" \/><\/a><\/td>\n<td style=\"width: 15.0156px\"><\/td>\n<td style=\"width: 704.859px;height: 156px\">\n<h3>Beneficios \/ Ventajas<\/h3>\n<ul>\n<li>Proporciona directrices claras para la formaci\u00f3n inicial de docentes en pedagog\u00eda en Educaci\u00f3n F\u00edsica.<\/li>\n<li>Promueve una formaci\u00f3n docente de alta calidad en concordancia con est\u00e1ndares educativos.<\/li>\n<li>Contribuye a la articulaci\u00f3n con pol\u00edticas p\u00fablicas en el \u00e1mbito educativo.<\/li>\n<li>Fomenta el desarrollo de profesionales comprometidos con la sociedad y la educaci\u00f3n en Chile.<\/li>\n<\/ul>\n<\/td>\n<td style=\"width: 18.0469px;height: 156px\"><\/td>\n<\/tr>\n<tr style=\"height: 104px\">\n<td style=\"width: 8px;height: 104px\"><\/td>\n<td style=\"width: 64.0781px;height: 104px\"><a href=\"https:\/\/sitios.ucsc.cl\/ott\/wp-content\/uploads\/sites\/15\/2022\/06\/OTT_DDA_3.png\"><img loading=\"lazy\" class=\"aligncenter size-full wp-image-2177\" src=\"https:\/\/sitios.ucsc.cl\/ott\/wp-content\/uploads\/sites\/15\/2022\/06\/OTT_DDA_3.png\" alt=\"\" width=\"50\" height=\"50\" \/><\/a><\/td>\n<td style=\"width: 15.0156px\"><\/td>\n<td style=\"width: 704.859px;height: 104px\">\n<h3>Usos \/ Aplicaciones<\/h3>\n<p style=\"text-align: justify\">Esta gu\u00eda sirve para orientar y mejorar la formaci\u00f3n de docentes en Pedagog\u00eda en Educaci\u00f3n F\u00edsica, centrando su enfoque en la responsabilidad social y la formaci\u00f3n ciudadana. Se ha demostrado como una herramienta eficaz para alinear la formaci\u00f3n docente con las demandas del sistema educativo chileno, promoviendo una ense\u00f1anza de alta calidad y relevancia en este campo.<\/p>\n<\/td>\n<td style=\"width: 18.0469px;height: 104px\"><\/td>\n<\/tr>\n<tr style=\"height: 79px\">\n<td style=\"width: 8px;height: 79px\"><\/td>\n<td style=\"width: 64.0781px;height: 79px\"><a href=\"https:\/\/sitios.ucsc.cl\/ott\/wp-content\/uploads\/sites\/15\/2022\/06\/OTT_DDA_4.png\"><img loading=\"lazy\" class=\"aligncenter size-full wp-image-2178\" src=\"https:\/\/sitios.ucsc.cl\/ott\/wp-content\/uploads\/sites\/15\/2022\/06\/OTT_DDA_4.png\" alt=\"\" width=\"50\" height=\"50\" \/><\/a><\/td>\n<td style=\"width: 15.0156px\"><\/td>\n<td style=\"width: 704.859px;height: 79px\">\n<h3>Oferta tecnol\u00f3gica<\/h3>\n<p>Esta obra se encuentra disponible para licenciamiento.<\/td>\n<td style=\"width: 18.0469px;height: 79px\"><\/td>\n<\/tr>\n<tr style=\"height: 79px\">\n<td style=\"width: 8px;height: 79px\"><\/td>\n<td style=\"width: 64.0781px;height: 79px\"><a href=\"https:\/\/sitios.ucsc.cl\/ott\/wp-content\/uploads\/sites\/15\/2022\/06\/OTT_DDA_5.png\"><img loading=\"lazy\" class=\"aligncenter size-full wp-image-2179\" src=\"https:\/\/sitios.ucsc.cl\/ott\/wp-content\/uploads\/sites\/15\/2022\/06\/OTT_DDA_5.png\" alt=\"\" width=\"50\" height=\"50\" \/><\/a><\/td>\n<td style=\"width: 15.0156px\"><\/td>\n<td style=\"width: 704.859px;height: 79px\">\n<h3>Propiedad intelectual<\/h3>\n<p>Registro Derecho de Autor: 2023-A-7485<\/td>\n<td style=\"width: 18.0469px;height: 79px\"><\/td>\n<\/tr>\n<tr style=\"height: 104px\">\n<td style=\"width: 8px;height: 104px\"><\/td>\n<td style=\"width: 64.0781px;height: 104px\"><a href=\"https:\/\/sitios.ucsc.cl\/ott\/wp-content\/uploads\/sites\/15\/2022\/06\/OTT_DDA_6.png\"><img loading=\"lazy\" class=\"size-full wp-image-2180 aligncenter\" src=\"https:\/\/sitios.ucsc.cl\/ott\/wp-content\/uploads\/sites\/15\/2022\/06\/OTT_DDA_6.png\" alt=\"\" width=\"50\" height=\"50\" \/><\/a><\/td>\n<td style=\"width: 15.0156px\"><\/td>\n<td style=\"width: 704.859px;height: 104px\">\n<h3>Autor<\/h3>\n<div data-olk-copy-source=\"MailCompose\"><strong>Dr. Felipe Poblete Valderrama,<\/strong> Facultad de Educaci\u00f3n.<\/div>\n<div data-olk-copy-source=\"MailCompose\"><strong>Dra. Gladys Jim\u00e9nez Alvarado,<\/strong> Observatorio RSU.<\/div>\n<\/td>\n<td style=\"width: 18.0469px;height: 104px\"><\/td>\n<\/tr>\n<tr style=\"height: 115px\">\n<td style=\"width: 8px;height: 115px\"><\/td>\n<td style=\"width: 783.953px;height: 115px\" colspan=\"3\">&nbsp;<\/p>\n<p><a href=\"https:\/\/dinn.ucsc.cl\/wp-content\/uploads\/sites\/14\/2024\/11\/OTT_DDA_2024_15.pdf\" target=\"_blank\" rel=\"noopener\"><img loading=\"lazy\" class=\"aligncenter wp-image-2220 size-medium\" src=\"https:\/\/sitios.ucsc.cl\/ott\/wp-content\/uploads\/sites\/15\/2022\/06\/Bot\u00f3n-descarga-300x61.png\" alt=\"\" width=\"300\" height=\"61\" \/><\/a><\/td>\n<td style=\"width: 18.0469px\"><\/td>\n<\/tr>\n<\/tbody>\n<\/table>\n","protected":false},"excerpt":{"rendered":"<p>Descripci\u00f3n Gu\u00eda orientadora que establece directrices y lineamientos para la formaci\u00f3n inicial en Pedagog\u00eda en Educaci\u00f3n F\u00edsica (PEF), con un enfoque en la responsabilidad social y la formaci\u00f3n ciudadana. Contextualiza la Formaci\u00f3n Inicial Docente (FID) y la Vinculaci\u00f3n con el Medio (VcM), integrando estos elementos esenciales para abordar las necesidades de las comunidades chilenas. Proporciona [&hellip;]<\/p>\n","protected":false},"author":84,"featured_media":0,"parent":0,"menu_order":0,"comment_status":"closed","ping_status":"closed","template":"","meta":[],"yoast_head":"<!-- This site is optimized with the Yoast SEO plugin v18.9 - https:\/\/yoast.com\/wordpress\/plugins\/seo\/ -->\n<title>Gu\u00eda Orientadora: Formaci\u00f3n Inicial Docente en Pedagog\u00eda en Educaci\u00f3n F\u00edsica con perspectiva en responsabilidad social y formaci\u00f3n ciudadana. -<\/title>\n<meta name=\"robots\" content=\"index, follow, max-snippet:-1, max-image-preview:large, max-video-preview:-1\" \/>\n<link rel=\"canonical\" href=\"https:\/\/dinn.ucsc.cl\/index.php\/guia-orientadora-formacion-inicial-docente-en-pedagogia-en-educacion-fisica-con-perspectiva-en-responsabilidad-social-y-formacion-ciudadana\/\" \/>\n<meta property=\"og:locale\" content=\"es_ES\" \/>\n<meta property=\"og:type\" content=\"article\" \/>\n<meta property=\"og:title\" content=\"Gu\u00eda Orientadora: Formaci\u00f3n Inicial Docente en Pedagog\u00eda en Educaci\u00f3n F\u00edsica con perspectiva en responsabilidad social y formaci\u00f3n ciudadana. -\" \/>\n<meta property=\"og:description\" content=\"Descripci\u00f3n Gu\u00eda orientadora que establece directrices y lineamientos para la formaci\u00f3n inicial en Pedagog\u00eda en Educaci\u00f3n F\u00edsica (PEF), con un enfoque en la responsabilidad social y la formaci\u00f3n ciudadana. Contextualiza la Formaci\u00f3n Inicial Docente (FID) y la Vinculaci\u00f3n con el Medio (VcM), integrando estos elementos esenciales para abordar las necesidades de las comunidades chilenas. Proporciona [&hellip;]\" \/>\n<meta property=\"og:url\" content=\"https:\/\/dinn.ucsc.cl\/index.php\/guia-orientadora-formacion-inicial-docente-en-pedagogia-en-educacion-fisica-con-perspectiva-en-responsabilidad-social-y-formacion-ciudadana\/\" \/>\n<meta property=\"article:publisher\" content=\"https:\/\/m.facebook.com\/DINNUCSC\" \/>\n<meta property=\"article:modified_time\" content=\"2024-11-14T16:53:14+00:00\" \/>\n<meta property=\"og:image\" content=\"https:\/\/sitios.ucsc.cl\/investigacion\/wp-content\/uploads\/sites\/14\/2024\/11\/OTT_DDA_15.png\" \/>\n<meta name=\"twitter:card\" content=\"summary\" \/>\n<meta name=\"twitter:site\" content=\"@dinn_ucsc\" \/>\n<meta name=\"twitter:label1\" content=\"Tiempo de lectura\" \/>\n\t<meta name=\"twitter:data1\" content=\"1 minuto\" \/>\n<script type=\"application\/ld+json\" class=\"yoast-schema-graph\">{\"@context\":\"https:\/\/schema.org\",\"@graph\":[{\"@type\":\"WebSite\",\"@id\":\"https:\/\/dinn.ucsc.cl\/#website\",\"url\":\"https:\/\/dinn.ucsc.cl\/\",\"name\":\"Direcci\u00f3n de Innovaci\u00f3n UCSC\",\"description\":\"Direcci\u00f3n de Innovaci\u00f3n\",\"potentialAction\":[{\"@type\":\"SearchAction\",\"target\":{\"@type\":\"EntryPoint\",\"urlTemplate\":\"https:\/\/dinn.ucsc.cl\/?s={search_term_string}\"},\"query-input\":\"required name=search_term_string\"}],\"inLanguage\":\"es\"},{\"@type\":\"ImageObject\",\"inLanguage\":\"es\",\"@id\":\"https:\/\/dinn.ucsc.cl\/index.php\/guia-orientadora-formacion-inicial-docente-en-pedagogia-en-educacion-fisica-con-perspectiva-en-responsabilidad-social-y-formacion-ciudadana\/#primaryimage\",\"url\":\"https:\/\/sitios.ucsc.cl\/investigacion\/wp-content\/uploads\/sites\/14\/2024\/11\/OTT_DDA_15.png\",\"contentUrl\":\"https:\/\/sitios.ucsc.cl\/investigacion\/wp-content\/uploads\/sites\/14\/2024\/11\/OTT_DDA_15.png\",\"width\":1344,\"height\":275},{\"@type\":\"WebPage\",\"@id\":\"https:\/\/dinn.ucsc.cl\/index.php\/guia-orientadora-formacion-inicial-docente-en-pedagogia-en-educacion-fisica-con-perspectiva-en-responsabilidad-social-y-formacion-ciudadana\/#webpage\",\"url\":\"https:\/\/dinn.ucsc.cl\/index.php\/guia-orientadora-formacion-inicial-docente-en-pedagogia-en-educacion-fisica-con-perspectiva-en-responsabilidad-social-y-formacion-ciudadana\/\",\"name\":\"Gu\u00eda Orientadora: Formaci\u00f3n Inicial Docente en Pedagog\u00eda en Educaci\u00f3n F\u00edsica con perspectiva en responsabilidad social y formaci\u00f3n ciudadana. -\",\"isPartOf\":{\"@id\":\"https:\/\/dinn.ucsc.cl\/#website\"},\"primaryImageOfPage\":{\"@id\":\"https:\/\/dinn.ucsc.cl\/index.php\/guia-orientadora-formacion-inicial-docente-en-pedagogia-en-educacion-fisica-con-perspectiva-en-responsabilidad-social-y-formacion-ciudadana\/#primaryimage\"},\"datePublished\":\"2024-11-14T16:47:34+00:00\",\"dateModified\":\"2024-11-14T16:53:14+00:00\",\"breadcrumb\":{\"@id\":\"https:\/\/dinn.ucsc.cl\/index.php\/guia-orientadora-formacion-inicial-docente-en-pedagogia-en-educacion-fisica-con-perspectiva-en-responsabilidad-social-y-formacion-ciudadana\/#breadcrumb\"},\"inLanguage\":\"es\",\"potentialAction\":[{\"@type\":\"ReadAction\",\"target\":[\"https:\/\/dinn.ucsc.cl\/index.php\/guia-orientadora-formacion-inicial-docente-en-pedagogia-en-educacion-fisica-con-perspectiva-en-responsabilidad-social-y-formacion-ciudadana\/\"]}]},{\"@type\":\"BreadcrumbList\",\"@id\":\"https:\/\/dinn.ucsc.cl\/index.php\/guia-orientadora-formacion-inicial-docente-en-pedagogia-en-educacion-fisica-con-perspectiva-en-responsabilidad-social-y-formacion-ciudadana\/#breadcrumb\",\"itemListElement\":[{\"@type\":\"ListItem\",\"position\":1,\"name\":\"Inicio\",\"item\":\"https:\/\/dinn.ucsc.cl\/\"},{\"@type\":\"ListItem\",\"position\":2,\"name\":\"Gu\u00eda Orientadora: Formaci\u00f3n Inicial Docente en Pedagog\u00eda en Educaci\u00f3n F\u00edsica con perspectiva en responsabilidad social y formaci\u00f3n ciudadana.\"}]}]}<\/script>\n<!-- \/ Yoast SEO plugin. -->","yoast_head_json":{"title":"Gu\u00eda Orientadora: Formaci\u00f3n Inicial Docente en Pedagog\u00eda en Educaci\u00f3n F\u00edsica con perspectiva en responsabilidad social y formaci\u00f3n ciudadana. -","robots":{"index":"index","follow":"follow","max-snippet":"max-snippet:-1","max-image-preview":"max-image-preview:large","max-video-preview":"max-video-preview:-1"},"canonical":"https:\/\/dinn.ucsc.cl\/index.php\/guia-orientadora-formacion-inicial-docente-en-pedagogia-en-educacion-fisica-con-perspectiva-en-responsabilidad-social-y-formacion-ciudadana\/","og_locale":"es_ES","og_type":"article","og_title":"Gu\u00eda Orientadora: Formaci\u00f3n Inicial Docente en Pedagog\u00eda en Educaci\u00f3n F\u00edsica con perspectiva en responsabilidad social y formaci\u00f3n ciudadana. -","og_description":"Descripci\u00f3n Gu\u00eda orientadora que establece directrices y lineamientos para la formaci\u00f3n inicial en Pedagog\u00eda en Educaci\u00f3n F\u00edsica (PEF), con un enfoque en la responsabilidad social y la formaci\u00f3n ciudadana. Contextualiza la Formaci\u00f3n Inicial Docente (FID) y la Vinculaci\u00f3n con el Medio (VcM), integrando estos elementos esenciales para abordar las necesidades de las comunidades chilenas. Proporciona [&hellip;]","og_url":"https:\/\/dinn.ucsc.cl\/index.php\/guia-orientadora-formacion-inicial-docente-en-pedagogia-en-educacion-fisica-con-perspectiva-en-responsabilidad-social-y-formacion-ciudadana\/","article_publisher":"https:\/\/m.facebook.com\/DINNUCSC","article_modified_time":"2024-11-14T16:53:14+00:00","og_image":[{"url":"https:\/\/sitios.ucsc.cl\/investigacion\/wp-content\/uploads\/sites\/14\/2024\/11\/OTT_DDA_15.png"}],"twitter_card":"summary","twitter_site":"@dinn_ucsc","twitter_misc":{"Tiempo de lectura":"1 minuto"},"schema":{"@context":"https:\/\/schema.org","@graph":[{"@type":"WebSite","@id":"https:\/\/dinn.ucsc.cl\/#website","url":"https:\/\/dinn.ucsc.cl\/","name":"Direcci\u00f3n de Innovaci\u00f3n UCSC","description":"Direcci\u00f3n de Innovaci\u00f3n","potentialAction":[{"@type":"SearchAction","target":{"@type":"EntryPoint","urlTemplate":"https:\/\/dinn.ucsc.cl\/?s={search_term_string}"},"query-input":"required name=search_term_string"}],"inLanguage":"es"},{"@type":"ImageObject","inLanguage":"es","@id":"https:\/\/dinn.ucsc.cl\/index.php\/guia-orientadora-formacion-inicial-docente-en-pedagogia-en-educacion-fisica-con-perspectiva-en-responsabilidad-social-y-formacion-ciudadana\/#primaryimage","url":"https:\/\/sitios.ucsc.cl\/investigacion\/wp-content\/uploads\/sites\/14\/2024\/11\/OTT_DDA_15.png","contentUrl":"https:\/\/sitios.ucsc.cl\/investigacion\/wp-content\/uploads\/sites\/14\/2024\/11\/OTT_DDA_15.png","width":1344,"height":275},{"@type":"WebPage","@id":"https:\/\/dinn.ucsc.cl\/index.php\/guia-orientadora-formacion-inicial-docente-en-pedagogia-en-educacion-fisica-con-perspectiva-en-responsabilidad-social-y-formacion-ciudadana\/#webpage","url":"https:\/\/dinn.ucsc.cl\/index.php\/guia-orientadora-formacion-inicial-docente-en-pedagogia-en-educacion-fisica-con-perspectiva-en-responsabilidad-social-y-formacion-ciudadana\/","name":"Gu\u00eda Orientadora: Formaci\u00f3n Inicial Docente en Pedagog\u00eda en Educaci\u00f3n F\u00edsica con perspectiva en responsabilidad social y formaci\u00f3n ciudadana. -","isPartOf":{"@id":"https:\/\/dinn.ucsc.cl\/#website"},"primaryImageOfPage":{"@id":"https:\/\/dinn.ucsc.cl\/index.php\/guia-orientadora-formacion-inicial-docente-en-pedagogia-en-educacion-fisica-con-perspectiva-en-responsabilidad-social-y-formacion-ciudadana\/#primaryimage"},"datePublished":"2024-11-14T16:47:34+00:00","dateModified":"2024-11-14T16:53:14+00:00","breadcrumb":{"@id":"https:\/\/dinn.ucsc.cl\/index.php\/guia-orientadora-formacion-inicial-docente-en-pedagogia-en-educacion-fisica-con-perspectiva-en-responsabilidad-social-y-formacion-ciudadana\/#breadcrumb"},"inLanguage":"es","potentialAction":[{"@type":"ReadAction","target":["https:\/\/dinn.ucsc.cl\/index.php\/guia-orientadora-formacion-inicial-docente-en-pedagogia-en-educacion-fisica-con-perspectiva-en-responsabilidad-social-y-formacion-ciudadana\/"]}]},{"@type":"BreadcrumbList","@id":"https:\/\/dinn.ucsc.cl\/index.php\/guia-orientadora-formacion-inicial-docente-en-pedagogia-en-educacion-fisica-con-perspectiva-en-responsabilidad-social-y-formacion-ciudadana\/#breadcrumb","itemListElement":[{"@type":"ListItem","position":1,"name":"Inicio","item":"https:\/\/dinn.ucsc.cl\/"},{"@type":"ListItem","position":2,"name":"Gu\u00eda Orientadora: Formaci\u00f3n Inicial Docente en Pedagog\u00eda en Educaci\u00f3n F\u00edsica con perspectiva en responsabilidad social y formaci\u00f3n ciudadana."}]}]}},"_links":{"self":[{"href":"https:\/\/dinn.ucsc.cl\/index.php\/wp-json\/wp\/v2\/pages\/6154"}],"collection":[{"href":"https:\/\/dinn.ucsc.cl\/index.php\/wp-json\/wp\/v2\/pages"}],"about":[{"href":"https:\/\/dinn.ucsc.cl\/index.php\/wp-json\/wp\/v2\/types\/page"}],"author":[{"embeddable":true,"href":"https:\/\/dinn.ucsc.cl\/index.php\/wp-json\/wp\/v2\/users\/84"}],"replies":[{"embeddable":true,"href":"https:\/\/dinn.ucsc.cl\/index.php\/wp-json\/wp\/v2\/comments?post=6154"}],"version-history":[{"count":1,"href":"https:\/\/dinn.ucsc.cl\/index.php\/wp-json\/wp\/v2\/pages\/6154\/revisions"}],"predecessor-version":[{"id":6156,"href":"https:\/\/dinn.ucsc.cl\/index.php\/wp-json\/wp\/v2\/pages\/6154\/revisions\/6156"}],"wp:attachment":[{"href":"https:\/\/dinn.ucsc.cl\/index.php\/wp-json\/wp\/v2\/media?parent=6154"}],"curies":[{"name":"wp","href":"https:\/\/api.w.org\/{rel}","templated":true}]}}